{"id":446,"date":"2025-08-20T10:51:54","date_gmt":"2025-08-20T08:51:54","guid":{"rendered":"https:\/\/hub.imt-atlantique.fr\/rak\/?page_id=446"},"modified":"2026-04-13T09:58:09","modified_gmt":"2026-04-13T07:58:09","slug":"accueil","status":"publish","type":"page","link":"https:\/\/hub.imt-atlantique.fr\/rak\/","title":{"rendered":"Accueil"},"content":{"rendered":"\n<div class=\"wp-block-group alignfull has-global-padding is-layout-constrained wp-block-group-is-layout-constrained\" style=\"margin-top:0;margin-bottom:0\">\n<div class=\"wp-block-columns alignfull is-layout-flex wp-container-core-columns-is-layout-9c22b1e3 wp-block-columns-is-layout-flex\">\n<div class=\"wp-block-column is-layout-flow wp-block-column-is-layout-flow\" style=\"flex-basis:55%\">\n<div class=\"wp-block-cover aligncenter is-light has-custom-content-position is-position-bottom-right\" style=\"min-height:463px;aspect-ratio:unset;\"><img loading=\"lazy\" decoding=\"async\" width=\"999\" height=\"564\" class=\"wp-block-cover__image-background wp-image-173 size-full\" alt=\"\" src=\"https:\/\/hub.imt-atlantique.fr\/rak\/wp-content\/uploads\/2022\/06\/rak_batiment.jpg\" data-object-fit=\"cover\" srcset=\"https:\/\/hub.imt-atlantique.fr\/rak\/wp-content\/uploads\/2022\/06\/rak_batiment.jpg 999w, https:\/\/hub.imt-atlantique.fr\/rak\/wp-content\/uploads\/2022\/06\/rak_batiment-300x169.jpg 300w, https:\/\/hub.imt-atlantique.fr\/rak\/wp-content\/uploads\/2022\/06\/rak_batiment-768x434.jpg 768w\" sizes=\"auto, (max-width: 999px) 100vw, 999px\" \/><span aria-hidden=\"true\" class=\"wp-block-cover__background has-background-dim-0 has-background-dim\" style=\"background-color:#c3beb4\"><\/span><div class=\"wp-block-cover__inner-container is-layout-flow wp-block-cover-is-layout-flow\">\n<div style=\"height:var(--wp--preset--spacing--20)\" aria-hidden=\"true\" class=\"wp-block-spacer\"><\/div>\n<\/div><\/div>\n<\/div>\n\n\n\n<div class=\"wp-block-column is-layout-flow wp-block-column-is-layout-flow\" style=\"padding-top:var(--wp--preset--spacing--60);padding-right:var(--wp--preset--spacing--60);padding-bottom:var(--wp--preset--spacing--60);padding-left:var(--wp--preset--spacing--60)\">\n<h2 class=\"wp-block-heading has-xx-large-font-size\">Le Restaurant Associatif de Kernevent,<\/h2>\n\n\n\n<p>est une association r\u00e9gie par la loi du 1er juillet 1901 et du d\u00e9cret du 16 ao\u00fbt 1901. Cr\u00e9\u00e9e le 27 f\u00e9vrier sur le campus de Brest d&rsquo;IMT Atlantique, sa vocation et de permettre \u00e0 tous les \u00e9tudiants l&rsquo;acc\u00e8s \u00e0 une alimentation \u00e9quilibr\u00e9e et financi\u00e8rement accessible, mais aussi de b\u00e9n\u00e9ficier d&rsquo;un lieu de rassemblement \u00e0 valeur sociale.<\/p>\n<\/div>\n<\/div>\n<\/div>\n\n\n\n<h1 class=\"wp-block-heading alignwide has-text-align-center\"><strong>Horaires d&rsquo;ouverture<\/strong><\/h1>\n\n\n\n<h2 class=\"wp-block-heading has-text-align-center\"><strong>Le restaurant est actuellement ouvert de 11h45 \u00e0 13h<\/strong> (semaine 13\/04\/2026)<\/h2>\n\n\n\n<p class=\"has-text-align-center has-text-color has-link-color wp-elements-b0c764e6e58ce4edc73cdfa0009557f5\" style=\"color:#faa731\"><strong>Travaux du 15 au 17 avril 2026 (<a href=\"https:\/\/hub.imt-atlantique.fr\/rak\/?p=766\">voir actualit\u00e9<\/a>)<\/strong><\/p>\n\n\n\n<div style=\"height:61px\" aria-hidden=\"true\" class=\"wp-block-spacer\"><\/div>\n\n\n\n<div class=\"wp-block-group alignfull has-global-padding is-layout-constrained wp-container-core-group-is-layout-ebee8dc1 wp-block-group-is-layout-constrained\" style=\"margin-top:0;margin-bottom:0;padding-top:var(--wp--preset--spacing--50);padding-bottom:var(--wp--preset--spacing--50)\">\n<div class=\"wp-block-columns alignwide is-layout-flex wp-container-core-columns-is-layout-28f84493 wp-block-columns-is-layout-flex\">\n<div class=\"wp-block-column is-layout-flow wp-block-column-is-layout-flow\">\n<figure class=\"wp-block-image size-full is-resized\" style=\"margin-bottom:24px\"><img loading=\"lazy\" decoding=\"async\" width=\"640\" height=\"640\" src=\"https:\/\/hub.imt-atlantique.fr\/rak\/wp-content\/uploads\/2025\/08\/ai-generated-8772402_640.png\" alt=\"\" class=\"wp-image-480\" style=\"aspect-ratio:1.3333333333333333;object-fit:cover;width:404px;height:auto\" srcset=\"https:\/\/hub.imt-atlantique.fr\/rak\/wp-content\/uploads\/2025\/08\/ai-generated-8772402_640.png 640w, https:\/\/hub.imt-atlantique.fr\/rak\/wp-content\/uploads\/2025\/08\/ai-generated-8772402_640-300x300.png 300w, https:\/\/hub.imt-atlantique.fr\/rak\/wp-content\/uploads\/2025\/08\/ai-generated-8772402_640-150x150.png 150w\" sizes=\"auto, (max-width: 640px) 100vw, 640px\" \/><\/figure>\n\n\n\n<h3 class=\"wp-block-heading\">Notre \u00e9quipe<\/h3>\n\n\n\n<p class=\"has-medium-font-size\">Forte d&rsquo;une \u00e9quipe compos\u00e9e de 19 permanents et de nombreux int\u00e9rimaires venant ponctuer les moments de fortes activit\u00e9s, nous assurons une restauration quotidienne gr\u00e2ce \u00e0 nos cuisiniers, p\u00e2tissiers, commis et plongeurs. L&rsquo;ensemble soutenu par son <a href=\"https:\/\/hub.imt-atlantique.fr\/rak\/wp-admin\/post.php?post=108&amp;action=edit\">conseil d&rsquo;administration.<\/a><\/p>\n<\/div>\n\n\n\n<div class=\"wp-block-column is-layout-flow wp-block-column-is-layout-flow\">\n<figure class=\"wp-block-image size-full is-resized\" style=\"margin-bottom:24px\"><img loading=\"lazy\" decoding=\"async\" width=\"640\" height=\"427\" src=\"https:\/\/hub.imt-atlantique.fr\/rak\/wp-content\/uploads\/2025\/08\/door-5848455_640.jpg\" alt=\"\" class=\"wp-image-481\" style=\"aspect-ratio:1.3333333333333333;object-fit:cover;width:421px;height:auto\" srcset=\"https:\/\/hub.imt-atlantique.fr\/rak\/wp-content\/uploads\/2025\/08\/door-5848455_640.jpg 640w, https:\/\/hub.imt-atlantique.fr\/rak\/wp-content\/uploads\/2025\/08\/door-5848455_640-300x200.jpg 300w\" sizes=\"auto, (max-width: 640px) 100vw, 640px\" \/><\/figure>\n\n\n\n<h3 class=\"wp-block-heading\">Nos usagers<\/h3>\n\n\n\n<p class=\"has-medium-font-size\"><strong>Depuis juillet 2025, le Rak accueil les \u00e9tudiants, le personnels, et employ\u00e9s du technop\u00f4le Brest-Iroise<\/strong> <sub>(ayant \u00e9t\u00e9 identifi\u00e9s par les \u00e9tablissement d&rsquo;IMT Atlantique, de l&rsquo;ENIB, l&rsquo;IUEM et certaines soci\u00e9t\u00e9s)<\/sub><\/p>\n<\/div>\n<\/div>\n<\/div>\n\n\n\n<hr class=\"wp-block-separator has-alpha-channel-opacity\"\/>\n\n\n\n<div class=\"wp-block-columns is-layout-flex wp-container-core-columns-is-layout-28f84493 wp-block-columns-is-layout-flex\">\n<div class=\"wp-block-column is-layout-flow wp-block-column-is-layout-flow\" style=\"flex-basis:100%\">\n<div class=\"wp-block-buttons is-content-justification-space-between is-layout-flex wp-container-core-buttons-is-layout-84f7cab9 wp-block-buttons-is-layout-flex\">\n<div class=\"wp-block-button\"><a class=\"wp-block-button__link wp-element-button\" href=\"https:\/\/hub.imt-atlantique.fr\/rak\/wp-admin\/post.php?post=126&amp;action=edit\">HORAIRES<\/a><\/div>\n\n\n\n<div class=\"wp-block-button\"><a class=\"wp-block-button__link wp-element-button\">MENU<\/a><\/div>\n\n\n\n<div class=\"wp-block-button\"><a class=\"wp-block-button__link wp-element-button\" href=\"https:\/\/hub.imt-atlantique.fr\/rak\/wp-admin\/post.php?post=124&amp;action=edit\">TARIFS<\/a><\/div>\n\n\n\n<div class=\"wp-block-button\"><a class=\"wp-block-button__link wp-element-button\">PRESTATIONS<\/a><\/div>\n\n\n\n<div class=\"wp-block-button\"><a class=\"wp-block-button__link wp-element-button\">INFORMATIONS<\/a><\/div>\n\n\n\n<div class=\"wp-block-button\"><a class=\"wp-block-button__link wp-element-button\" href=\"https:\/\/hub.imt-atlantique.fr\/rak\/?page_id=662&amp;query-31-page=1\">ACTUALITES<\/a><\/div>\n<\/div>\n<\/div>\n<\/div>\n\n\n\n<div style=\"height:26px\" aria-hidden=\"true\" class=\"wp-block-spacer\"><\/div>\n\n\n\n<div class=\"wp-block-group alignfull has-global-padding is-layout-constrained wp-container-core-group-is-layout-190373c5 wp-block-group-is-layout-constrained\" style=\"margin-top:0;margin-bottom:0;padding-top:var(--wp--preset--spacing--50);padding-bottom:var(--wp--preset--spacing--50)\">\n<div class=\"wp-block-group alignwide has-global-padding is-content-justification-left is-layout-constrained wp-container-core-group-is-layout-12dd3699 wp-block-group-is-layout-constrained\">\n<h2 class=\"wp-block-heading has-x-large-font-size\">Actualit\u00e9s<\/h2>\n<\/div>\n\n\n\n<div class=\"wp-block-columns alignwide is-layout-flex wp-container-core-columns-is-layout-cdebebb7 wp-block-columns-is-layout-flex\" style=\"padding-top:0;padding-bottom:0\">\n<div class=\"wp-block-column is-layout-flow wp-container-core-column-is-layout-8ad66c59 wp-block-column-is-layout-flow\" style=\"padding-top:var(--wp--preset--spacing--70)\">\n<figure class=\"wp-block-image aligncenter size-full is-resized\"><img loading=\"lazy\" decoding=\"async\" width=\"640\" height=\"640\" src=\"https:\/\/hub.imt-atlantique.fr\/rak\/wp-content\/uploads\/2026\/02\/peggy_marco-handyman-1020156_640.jpg\" alt=\"\" class=\"wp-image-781\" style=\"width:184px;height:auto\" srcset=\"https:\/\/hub.imt-atlantique.fr\/rak\/wp-content\/uploads\/2026\/02\/peggy_marco-handyman-1020156_640.jpg 640w, https:\/\/hub.imt-atlantique.fr\/rak\/wp-content\/uploads\/2026\/02\/peggy_marco-handyman-1020156_640-300x300.jpg 300w, https:\/\/hub.imt-atlantique.fr\/rak\/wp-content\/uploads\/2026\/02\/peggy_marco-handyman-1020156_640-150x150.jpg 150w\" sizes=\"auto, (max-width: 640px) 100vw, 640px\" \/><\/figure>\n\n\n\n<div class=\"wp-block-group is-vertical is-layout-flex wp-container-core-group-is-layout-971a3e1f wp-block-group-is-layout-flex\" style=\"padding-top:var(--wp--preset--spacing--30)\">\n<h3 class=\"wp-block-heading\" style=\"padding-top:var(--wp--preset--spacing--20)\">Travaux au restaurant du Rak 15-17 avril 2026<\/h3>\n\n\n\n<p class=\"has-accent-4-color has-text-color has-link-color has-medium-font-size wp-elements-bfd10c9bec5a78d2257c50b99124792f\">12 mars 2026<\/p>\n<\/div>\n\n\n\n<p style=\"padding-top:var(--wp--preset--spacing--40)\"><a href=\"https:\/\/hub.imt-atlantique.fr\/rak\/?p=766\">Plus d&rsquo;information<\/a><\/p>\n<\/div>\n\n\n\n<div class=\"wp-block-column is-layout-flow wp-container-core-column-is-layout-8ad66c59 wp-block-column-is-layout-flow\" style=\"padding-top:var(--wp--preset--spacing--70)\">\n<div class=\"wp-block-group is-vertical is-layout-flex wp-container-core-group-is-layout-971a3e1f wp-block-group-is-layout-flex\" style=\"padding-top:var(--wp--preset--spacing--30)\">\n<figure class=\"wp-block-image size-full is-resized\"><img loading=\"lazy\" decoding=\"async\" width=\"640\" height=\"366\" src=\"https:\/\/hub.imt-atlantique.fr\/rak\/wp-content\/uploads\/2025\/08\/cafeteria.jpg\" alt=\"\" class=\"wp-image-515\" style=\"width:248px;height:auto\" srcset=\"https:\/\/hub.imt-atlantique.fr\/rak\/wp-content\/uploads\/2025\/08\/cafeteria.jpg 640w, https:\/\/hub.imt-atlantique.fr\/rak\/wp-content\/uploads\/2025\/08\/cafeteria-300x172.jpg 300w\" sizes=\"auto, (max-width: 640px) 100vw, 640px\" \/><\/figure>\n\n\n\n<h3 class=\"wp-block-heading\" style=\"padding-top:var(--wp--preset--spacing--20)\">IMT Atlantique caf\u00e9t\u00e9ria sans repas \u00e0 emporter le 12 f\u00e9vrier 2026<\/h3>\n\n\n\n<p class=\"has-accent-4-color has-text-color has-link-color has-medium-font-size wp-elements-dba6b5663664ebc7c1f057ee389322fe\">10 f\u00e9vrier 2026<\/p>\n<\/div>\n\n\n\n<p style=\"padding-top:var(--wp--preset--spacing--40)\"><a href=\"https:\/\/hub.imt-atlantique.fr\/rak\/?p=760\">D\u00e9tails de l\u2019\u00e9v\u00e8nement<\/a><\/p>\n<\/div>\n\n\n\n<div class=\"wp-block-column is-layout-flow wp-container-core-column-is-layout-8ad66c59 wp-block-column-is-layout-flow\" style=\"padding-top:var(--wp--preset--spacing--70)\">\n<figure class=\"wp-block-image size-full is-resized\"><img loading=\"lazy\" decoding=\"async\" width=\"353\" height=\"352\" src=\"https:\/\/hub.imt-atlantique.fr\/rak\/wp-content\/uploads\/2025\/12\/fermeture-1.jpg\" alt=\"\" class=\"wp-image-750\" style=\"width:187px;height:auto\" srcset=\"https:\/\/hub.imt-atlantique.fr\/rak\/wp-content\/uploads\/2025\/12\/fermeture-1.jpg 353w, https:\/\/hub.imt-atlantique.fr\/rak\/wp-content\/uploads\/2025\/12\/fermeture-1-300x300.jpg 300w, https:\/\/hub.imt-atlantique.fr\/rak\/wp-content\/uploads\/2025\/12\/fermeture-1-150x150.jpg 150w\" sizes=\"auto, (max-width: 353px) 100vw, 353px\" \/><\/figure>\n\n\n\n<div class=\"wp-block-group is-vertical is-layout-flex wp-container-core-group-is-layout-971a3e1f wp-block-group-is-layout-flex\" style=\"padding-top:var(--wp--preset--spacing--30)\">\n<h3 class=\"wp-block-heading\" style=\"padding-top:var(--wp--preset--spacing--20)\">Fermeture du 23\/12\/2025 au 04\/01\/2026<\/h3>\n\n\n\n<p class=\"has-accent-4-color has-text-color has-link-color has-medium-font-size wp-elements-a36d784b6eca8d73a34fadaea3d23577\">19\/12\/2025<\/p>\n<\/div>\n\n\n\n<p style=\"padding-top:var(--wp--preset--spacing--40)\"><a href=\"https:\/\/hub.imt-atlantique.fr\/rak\/?p=748\">D\u00e9tails de l\u2019\u00e9v\u00e8nement<\/a><\/p>\n<\/div>\n<\/div>\n<\/div>\n\n\n\n<div style=\"height:29px\" aria-hidden=\"true\" class=\"wp-block-spacer\"><\/div>\n\n\n<div class=\"wp-block-post-date__modified-date wp-block-post-date\"><time datetime=\"2026-04-13T09:58:09+02:00\">13 avril 2026<\/time><\/div>\n\n\n<p><\/p>\n","protected":false},"excerpt":{"rendered":"<p>Le Restaurant Associatif de Kernevent, est une association r\u00e9gie par la loi du 1er juillet 1901 et du d\u00e9cret du 16 ao\u00fbt 1901. Cr\u00e9\u00e9e le 27 f\u00e9vrier sur le campus de Brest d&rsquo;IMT Atlantique, sa vocation et de permettre \u00e0 tous les \u00e9tudiants l&rsquo;acc\u00e8s \u00e0 une alimentation \u00e9quilibr\u00e9e et financi\u00e8rement accessible, mais aussi de b\u00e9n\u00e9ficier [&hellip;]<\/p>\n","protected":false},"author":16,"featured_media":0,"parent":0,"menu_order":1,"comment_status":"closed","ping_status":"closed","template":"","meta":{"_acf_changed":false,"iawp_total_views":942,"footnotes":""},"class_list":["post-446","page","type-page","status-publish","hentry"],"acf":[],"_links":{"self":[{"href":"https:\/\/hub.imt-atlantique.fr\/rak\/index.php?rest_route=\/wp\/v2\/pages\/446","targetHints":{"allow":["GET"]}}],"collection":[{"href":"https:\/\/hub.imt-atlantique.fr\/rak\/index.php?rest_route=\/wp\/v2\/pages"}],"about":[{"href":"https:\/\/hub.imt-atlantique.fr\/rak\/index.php?rest_route=\/wp\/v2\/types\/page"}],"author":[{"embeddable":true,"href":"https:\/\/hub.imt-atlantique.fr\/rak\/index.php?rest_route=\/wp\/v2\/users\/16"}],"replies":[{"embeddable":true,"href":"https:\/\/hub.imt-atlantique.fr\/rak\/index.php?rest_route=%2Fwp%2Fv2%2Fcomments&post=446"}],"version-history":[{"count":27,"href":"https:\/\/hub.imt-atlantique.fr\/rak\/index.php?rest_route=\/wp\/v2\/pages\/446\/revisions"}],"predecessor-version":[{"id":791,"href":"https:\/\/hub.imt-atlantique.fr\/rak\/index.php?rest_route=\/wp\/v2\/pages\/446\/revisions\/791"}],"wp:attachment":[{"href":"https:\/\/hub.imt-atlantique.fr\/rak\/index.php?rest_route=%2Fwp%2Fv2%2Fmedia&parent=446"}],"curies":[{"name":"wp","href":"https:\/\/api.w.org\/{rel}","templated":true}]}}